{"id":78,"date":"2024-12-27T11:55:04","date_gmt":"2024-12-27T10:55:04","guid":{"rendered":"https:\/\/nutrineuro-prod.onlinecreation.pro\/accueil\/"},"modified":"2025-06-23T20:34:36","modified_gmt":"2025-06-23T18:34:36","slug":"accueil","status":"publish","type":"page","link":"https:\/\/nutrineuro.bordeaux.inrae.fr\/fr\/","title":{"rendered":"Accueil"},"content":{"rendered":"<div class=\"n2_clear\"><ss3-force-full-width data-overflow-x=\"body\" data-horizontal-selector=\"body\"><div class=\"n2-section-smartslider fitvidsignore  n2_clear\" data-ssid=\"2\"><div id=\"n2-ss-2-align\" class=\"n2-ss-align\"><div class=\"n2-padding\"><div id=\"n2-ss-2\" data-creator=\"Smart Slider 3\" data-responsive=\"fullwidth\" class=\"n2-ss-slider n2-ow n2-has-hover n2notransition  \"><div class=\"n2-ss-slider-wrapper-inside\">\n        <div class=\"n2-ss-slider-1 n2_ss__touch_element n2-ow\">\n            <div class=\"n2-ss-slider-2 n2-ow\">\n                                                <div class=\"n2-ss-slider-3 n2-ow\">\n\n                    <div class=\"n2-ss-slide-backgrounds n2-ow-all\"><div class=\"n2-ss-slide-background\" data-public-id=\"1\" data-mode=\"fill\"><div class=\"n2-ss-slide-background-image\" data-blur=\"0\" data-opacity=\"100\" data-x=\"50\" data-y=\"50\" data-alt=\"\" data-title=\"\"><picture class=\"skip-lazy\" data-skip-lazy=\"1\"><img decoding=\"async\" src=\"\/\/nutrineuro.bordeaux.inrae.fr\/wp-content\/uploads\/sites\/25\/2025\/04\/bandeau-nutrineuro-1.jpg\" alt=\"\" title=\"\" loading=\"lazy\" class=\"skip-lazy\" data-skip-lazy=\"1\"><\/picture><\/div><div data-color=\"RGBA(255,255,255,0)\" style=\"background-color: RGBA(255,255,255,0);\" class=\"n2-ss-slide-background-color\"><\/div><\/div><div class=\"n2-ss-slide-background\" data-public-id=\"2\" data-mode=\"fill\" aria-hidden=\"true\"><div class=\"n2-ss-slide-background-image\" data-blur=\"0\" data-opacity=\"100\" data-x=\"50\" data-y=\"50\" data-alt=\"\" data-title=\"\"><picture class=\"skip-lazy\" data-skip-lazy=\"1\"><img decoding=\"async\" src=\"\/\/nutrineuro.bordeaux.inrae.fr\/wp-content\/uploads\/sites\/25\/2025\/04\/bandeau-nutrineuro-3.jpg\" alt=\"\" title=\"\" loading=\"lazy\" class=\"skip-lazy\" data-skip-lazy=\"1\"><\/picture><\/div><div data-color=\"RGBA(255,255,255,0)\" style=\"background-color: RGBA(255,255,255,0);\" class=\"n2-ss-slide-background-color\"><\/div><\/div><div class=\"n2-ss-slide-background\" data-public-id=\"3\" data-mode=\"fill\" aria-hidden=\"true\"><div class=\"n2-ss-slide-background-image\" data-blur=\"0\" data-opacity=\"100\" data-x=\"50\" data-y=\"50\" data-alt=\"\" data-title=\"\"><picture class=\"skip-lazy\" data-skip-lazy=\"1\"><img decoding=\"async\" src=\"\/\/nutrineuro.bordeaux.inrae.fr\/wp-content\/uploads\/sites\/25\/2025\/04\/bandeau-nutrineuro-2.jpg\" alt=\"\" title=\"\" loading=\"lazy\" class=\"skip-lazy\" data-skip-lazy=\"1\"><\/picture><\/div><div data-color=\"RGBA(255,255,255,0)\" style=\"background-color: RGBA(255,255,255,0);\" class=\"n2-ss-slide-background-color\"><\/div><\/div><\/div>                    <div class=\"n2-ss-slider-4 n2-ow\">\n                        <svg xmlns=\"http:\/\/www.w3.org\/2000\/svg\" viewBox=\"0 0 1920 480\" data-related-device=\"desktopPortrait\" class=\"n2-ow n2-ss-preserve-size n2-ss-preserve-size--slider n2-ss-slide-limiter\"><\/svg><div data-first=\"1\" data-slide-duration=\"0\" data-id=\"5\" data-slide-public-id=\"1\" data-title=\"bandeau-nutrineuro-1\" class=\"n2-ss-slide n2-ow  n2-ss-slide-5\"><div role=\"note\" class=\"n2-ss-slide--focus\" tabindex=\"-1\">bandeau-nutrineuro-1<\/div><div class=\"n2-ss-layers-container n2-ss-slide-limiter n2-ow\"><div class=\"n2-ss-layer n2-ow n-uc-GDKZq3TEDsuF\" data-sstype=\"slide\" data-pm=\"default\"><\/div><\/div><\/div><div data-slide-duration=\"0\" data-id=\"8\" data-slide-public-id=\"2\" aria-hidden=\"true\" data-title=\"bandeau-nutrineuro-3\" class=\"n2-ss-slide n2-ow  n2-ss-slide-8\"><div role=\"note\" class=\"n2-ss-slide--focus\" tabindex=\"-1\">bandeau-nutrineuro-3<\/div><div class=\"n2-ss-layers-container n2-ss-slide-limiter n2-ow\"><div class=\"n2-ss-layer n2-ow n-uc-kI87dHya5v6X\" data-sstype=\"slide\" data-pm=\"default\"><\/div><\/div><\/div><div data-slide-duration=\"0\" data-id=\"9\" data-slide-public-id=\"3\" aria-hidden=\"true\" data-title=\"bandeau-nutrineuro-2\" class=\"n2-ss-slide n2-ow  n2-ss-slide-9\"><div role=\"note\" class=\"n2-ss-slide--focus\" tabindex=\"-1\">bandeau-nutrineuro-2<\/div><div class=\"n2-ss-layers-container n2-ss-slide-limiter n2-ow\"><div class=\"n2-ss-layer n2-ow n-uc-AlQBJZY8ic0m\" data-sstype=\"slide\" data-pm=\"default\"><\/div><\/div><\/div>                    <\/div>\n\n                                    <\/div>\n            <\/div>\n        <\/div>\n        <div class=\"n2-ss-slider-controls n2-ss-slider-controls-absolute-left-center\"><div style=\"--widget-offset:15px;\" class=\"n2-ss-widget nextend-arrow n2-ow-all nextend-arrow-previous  nextend-arrow-animated-fade\" data-hide-mobileportrait=\"1\" id=\"n2-ss-2-arrow-previous\" role=\"button\" aria-label=\"previous arrow\" tabindex=\"0\"><img loading=\"lazy\" decoding=\"async\" width=\"32\" height=\"32\" class=\"skip-lazy\" data-skip-lazy=\"1\" src=\"data:image\/svg+xml;base64,PHN2ZyB3aWR0aD0iMzIiIGhlaWdodD0iMzIiIHZpZXdCb3g9IjAgMCAzMiAzMiIgeG1sbnM9Imh0dHA6Ly93d3cudzMub3JnLzIwMDAvc3ZnIj4KICAgIDxwYXRoIGQ9Ik0xMS40MzMgMTUuOTkyTDIyLjY5IDUuNzEyYy4zOTMtLjM5LjM5My0xLjAzIDAtMS40Mi0uMzkzLS4zOS0xLjAzLS4zOS0xLjQyMyAwbC0xMS45OCAxMC45NGMtLjIxLjIxLS4zLjQ5LS4yODUuNzYtLjAxNS4yOC4wNzUuNTYuMjg0Ljc3bDExLjk4IDEwLjk0Yy4zOTMuMzkgMS4wMy4zOSAxLjQyNCAwIC4zOTMtLjQuMzkzLTEuMDMgMC0xLjQybC0xMS4yNTctMTAuMjkiCiAgICAgICAgICBmaWxsPSIjZmZmZmZmIiBvcGFjaXR5PSIwLjgiIGZpbGwtcnVsZT0iZXZlbm9kZCIvPgo8L3N2Zz4=\" alt=\"previous arrow\"><\/div><\/div><div class=\"n2-ss-slider-controls n2-ss-slider-controls-absolute-right-center\"><div style=\"--widget-offset:15px;\" class=\"n2-ss-widget nextend-arrow n2-ow-all nextend-arrow-next  nextend-arrow-animated-fade\" data-hide-mobileportrait=\"1\" id=\"n2-ss-2-arrow-next\" role=\"button\" aria-label=\"next arrow\" tabindex=\"0\"><img loading=\"lazy\" decoding=\"async\" width=\"32\" height=\"32\" class=\"skip-lazy\" data-skip-lazy=\"1\" src=\"data:image\/svg+xml;base64,PHN2ZyB3aWR0aD0iMzIiIGhlaWdodD0iMzIiIHZpZXdCb3g9IjAgMCAzMiAzMiIgeG1sbnM9Imh0dHA6Ly93d3cudzMub3JnLzIwMDAvc3ZnIj4KICAgIDxwYXRoIGQ9Ik0xMC43MjIgNC4yOTNjLS4zOTQtLjM5LTEuMDMyLS4zOS0xLjQyNyAwLS4zOTMuMzktLjM5MyAxLjAzIDAgMS40MmwxMS4yODMgMTAuMjgtMTEuMjgzIDEwLjI5Yy0uMzkzLjM5LS4zOTMgMS4wMiAwIDEuNDIuMzk1LjM5IDEuMDMzLjM5IDEuNDI3IDBsMTIuMDA3LTEwLjk0Yy4yMS0uMjEuMy0uNDkuMjg0LS43Ny4wMTQtLjI3LS4wNzYtLjU1LS4yODYtLjc2TDEwLjcyIDQuMjkzeiIKICAgICAgICAgIGZpbGw9IiNmZmZmZmYiIG9wYWNpdHk9IjAuOCIgZmlsbC1ydWxlPSJldmVub2RkIi8+Cjwvc3ZnPg==\" alt=\"next arrow\"><\/div><\/div><\/div><\/div><ss3-loader><\/ss3-loader><\/div><\/div><div class=\"n2_clear\"><\/div><\/div><\/ss3-force-full-width><\/div>\n\n\n<div style=\"height:60px\" aria-hidden=\"true\" class=\"wp-block-spacer\"><\/div>\n\n\n\n<div class=\"wp-block-group soft-separator\"><div class=\"wp-block-group__inner-container is-layout-constrained wp-block-group-is-layout-constrained\">\n<div class=\"wp-block-group container-xxl\"><div class=\"wp-block-group__inner-container is-layout-constrained wp-block-group-is-layout-constrained\">\n<div class=\"wp-block-columns is-layout-flex wp-container-core-columns-is-layout-8f761849 wp-block-columns-is-layout-flex\">\n<div class=\"wp-block-column px-3 is-layout-flow wp-block-column-is-layout-flow\" style=\"flex-basis:100%\">\n<h3 class=\"wp-block-heading text-primary\">Notre projet<\/h3>\n\n\n\n<p class=\"wp-block-paragraph\">NutriNeuro, dirig\u00e9e par Lucile Capuron depuis 2022, est une unit\u00e9 de recherche en neurosciences et nutrition comptant 80 membres. Elle \u00e9tudie les relations entre nutrition et cerveau pour pr\u00e9venir les maladies neurod\u00e9g\u00e9n\u00e9ratives et neuropsychiatriques. Les recherches utilisent des approches int\u00e9gr\u00e9es et translationnelles, s&rsquo;appuyant sur des dispositifs innovants et des plateformes technologiques de l&rsquo;universit\u00e9 de Bordeaux. Les comp\u00e9tences couvrent diverses disciplines comme les neurosciences comportementales, la biochimie, et la psychiatrie.   <\/p>\n\n\n\n<p class=\"wp-block-paragraph\">Les retomb\u00e9es des recherches sont significatives, g\u00e9n\u00e9rant des connaissances scientifiques et des innovations en nutrition et m\u00e9decine. Le laboratoire est organis\u00e9 en trois \u00e9quipes : NutriPsy, NutriMind, et Food Circus, chacune explorant diff\u00e9rents aspects de l&rsquo;influence de la nutrition sur le cerveau. NutriNeuro collabore avec de nombreux partenaires nationaux et internationaux, et participe activement \u00e0 la formation par la recherche, accueillant des doctorants et stagiaires.  <\/p>\n<\/div>\n\n\n\n<div class=\"wp-block-column px-3 is-layout-flow wp-block-column-is-layout-flow\" style=\"flex-basis:100%\">\n<h3 class=\"wp-block-heading text-primary\">Actualit\u00e9s<\/h3>\n\n\n<div class=\"buni-news\"><div class=\"row mb-3\"><div class=\"col-12 pe-0\"><a href=\"https:\/\/nutrineuro.bordeaux.inrae.fr\/fr\/2026\/09\/02\/symposium-organoides-et-recherche-agronomique-16-17-novembre-2026\/\"><div class=\"ratio ratio-3x2 news-img\"><img loading=\"lazy\" decoding=\"async\" width=\"180\" height=\"120\" src=\"https:\/\/nutrineuro.bordeaux.inrae.fr\/wp-content\/plugins\/buni-news\/empty.svg\" data-src=\"aHR0cHM6Ly93d3cuYm9yZGVhdXgtbmV1cm9jYW1wdXMuZnIvd3AtY29udGVudC91cGxvYWRzLzIwMjYvMDkvb3JnYW5vaWRlcy1pbnJhZS5qcGc=\" onload=\"this.src=atob(this.dataset.src);this.dataset.src='';this.onload='';\" class=\"img-fluid wp-post-image\" alt=\"\" \/><\/div><a href=\"https:\/\/nutrineuro.bordeaux.inrae.fr\/fr\/2026\/09\/02\/symposium-organoides-et-recherche-agronomique-16-17-novembre-2026\/\" class=\"text-body\"><strong>Symposium \u00ab\u00a0Organo\u00efdes et recherche agronomique\u00a0\u00bb &#8211; 16-17 novembre 2026<\/strong><br>Lieu : Centre Broca<\/a><\/div><\/div><div class=\"row mb-3\"><div class=\"col-12 pe-0\"><a href=\"https:\/\/nutrineuro.bordeaux.inrae.fr\/fr\/2026\/05\/21\/xavier-fioramonti-sur-m6\/\"><div class=\"ratio ratio-3x2 news-img\"><img loading=\"lazy\" decoding=\"async\" width=\"180\" height=\"120\" src=\"https:\/\/nutrineuro.bordeaux.inrae.fr\/wp-content\/plugins\/buni-news\/empty.svg\" data-src=\"aHR0cHM6Ly9jZG4tbmV1cm9jYW1wdXMub25sYy5ldS93cC1jb250ZW50L3VwbG9hZHMvMjAyNi8wNS9tNi1sb2dvLXZpZ24uanBn\" onload=\"this.src=atob(this.dataset.src);this.dataset.src='';this.onload='';\" class=\"img-fluid wp-post-image\" alt=\"\" \/><\/div><a href=\"https:\/\/nutrineuro.bordeaux.inrae.fr\/fr\/2026\/05\/21\/xavier-fioramonti-sur-m6\/\" class=\"text-body\"><strong>Xavier Fioramonti sur M6<\/strong><br>\u00c9mission Zone Interdite : \u00ab\u00a0\u00c9crans, sucre, manque de sommeil : comment sauver notre cerveau ?\u00a0\u00bb<\/a><\/div><\/div><div class=\"row mb-3\"><div class=\"col-12 pe-0\"><a href=\"https:\/\/nutrineuro.bordeaux.inrae.fr\/fr\/2026\/04\/09\/xavier-fioramonti-laureat-dun-financement-sfd-lilly\/\"><div class=\"ratio ratio-3x2 news-img\"><img loading=\"lazy\" decoding=\"async\" width=\"180\" height=\"120\" src=\"https:\/\/nutrineuro.bordeaux.inrae.fr\/wp-content\/plugins\/buni-news\/empty.svg\" data-src=\"aHR0cHM6Ly9jZG4tbmV1cm9jYW1wdXMub25sYy5ldS93cC1jb250ZW50L3VwbG9hZHMvMjAyNi8wNC9maW9yYW1vbnRpLXZpZ24tMjAyNi5qcGc=\" onload=\"this.src=atob(this.dataset.src);this.dataset.src='';this.onload='';\" class=\"img-fluid wp-post-image\" alt=\"\" \/><\/div><a href=\"https:\/\/nutrineuro.bordeaux.inrae.fr\/fr\/2026\/04\/09\/xavier-fioramonti-laureat-dun-financement-sfd-lilly\/\" class=\"text-body\"><strong>Xavier Fioramonti laur\u00e9at d&rsquo;un financement SFD-Lilly<\/strong><br>Projet en collaboration avec Bruno Guiard (CBI, Toulouse.)<\/a><\/div><\/div><div class=\"row mb-3\"><div class=\"col-12 pe-0\"><a href=\"https:\/\/nutrineuro.bordeaux.inrae.fr\/fr\/2026\/01\/23\/jean-christophe-delpech-laureat-du-prix-desmaret\/\"><div class=\"ratio ratio-3x2 news-img\"><img loading=\"lazy\" decoding=\"async\" width=\"180\" height=\"120\" src=\"https:\/\/nutrineuro.bordeaux.inrae.fr\/wp-content\/plugins\/buni-news\/empty.svg\" data-src=\"aHR0cHM6Ly9jZG4tbmV1cm9jYW1wdXMub25sYy5ldS93cC1jb250ZW50L3VwbG9hZHMvMjAyNi8wMS9kZWxwZWNoLWplYW4tY2hyaXN0b3BoZS1EU0NfMTIyOC12aWduLmpwZw==\" onload=\"this.src=atob(this.dataset.src);this.dataset.src='';this.onload='';\" class=\"img-fluid wp-post-image\" alt=\"\" \/><\/div><a href=\"https:\/\/nutrineuro.bordeaux.inrae.fr\/fr\/category\/distinction\/\" class=\"text-primary\">Distinction<\/a><br><a href=\"https:\/\/nutrineuro.bordeaux.inrae.fr\/fr\/2026\/01\/23\/jean-christophe-delpech-laureat-du-prix-desmaret\/\" class=\"text-body\"><strong>Jean-Christophe Delpech laur\u00e9at du prix Desmaret<\/strong><br>Remis par la fondation Deniker pour mener des recherches sur le vieillissement du cerveau.<\/a><\/div><\/div><\/div>\n\n\n<div class=\"wp-block-buttons is-content-justification-right is-layout-flex wp-container-core-buttons-is-layout-89b4c9e9 wp-block-buttons-is-layout-flex\">\n<div class=\"wp-block-button\"><a class=\"wp-block-button__link wp-element-button\" href=\"https:\/\/nutrineuro.bordeaux.inrae.fr\/en\/news\/\">Toutes nos actualit\u00e9s<\/a><\/div>\n<\/div>\n<\/div>\n\n\n\n<div class=\"wp-block-column px-3 is-layout-flow wp-block-column-is-layout-flow\" style=\"flex-basis:100%\">\n<h3 class=\"wp-block-heading text-primary\">Ev\u00e9nements<\/h3>\n\n\n<div class=\"buni-news\"><div class=\"row mb-3\"><div class=\"col-12\"><a href=\"https:\/\/nutrineuro.bordeaux.inrae.fr\/fr\/events\/friday-seminar-camille-lassalle\/\" class=\"text-body\"><div class=\"ratio ratio-3x2 event-svg\">\n            <svg xmlns=\"http:\/\/www.w3.org\/2000\/svg\" version=\"1.1\" viewBox=\"0 0 720 480\">\n                <rect x=\"0\" y=\"0\" width=\"720\" height=\"480\" style=\"fill:#f5f5f5;\"><\/rect>\n                <text x=\"360\" y=\"100\" style=\"text-anchor: middle; font-family: 'Titillium Web', Lato, sans-serif; font-size: 80px; fill: #7A7A7A; font-weight: 300;\">Vendredi<\/text>\n                <text x=\"360\" y=\"214\" style=\"text-anchor: middle; font-family: 'Titillium Web', Lato, sans-serif; font-size: 95px; fill: #6a7d16; font-weight: 700;\">11 septembre<\/text>\n                <text x=\"360\" y=\"326\" style=\"text-anchor: middle; font-family: 'Titillium Web', Lato, sans-serif; font-size: 95px; fill: #6a7d16; font-weight: 300;\">11:30<\/text><text x=\"360\" y=\"436\" style=\"text-anchor: middle; font-family: 'Titillium Web', Lato, sans-serif; font-size: 75px; fill: #7A7A7A; font-weight: 300;\"> Centre Broca<\/text>\n                <g transform=\"scale(0.1) translate(400,3860)\">\n                    <path d=\"M192 512s192-208 192-320C384 86 298 0 192 0S0 86 0 192C0 304 192 512 192 512zm0-384a64 64 0 1 1 0 128 64 64 0 1 1 0-128z\" style=\"fill: #7A7A7A;\"><\/path>\n                <\/g>\n            <\/svg>\n            <\/div><strong>Friday seminar &#8211; Camille Lassalle<\/strong><br>From epidemiology to precision nutritional psychiatry: Diet, circadian health, and mental disorders\/\/ Venue: Centre Broca<\/a><\/div><\/div><div class=\"row mb-3\"><div class=\"col-12\"><a href=\"https:\/\/nutrineuro.bordeaux.inrae.fr\/fr\/events\/rri-day-food4brainhealth\/\" class=\"text-body\"><div class=\"ratio ratio-3x2 event-svg\">\n            <svg xmlns=\"http:\/\/www.w3.org\/2000\/svg\" version=\"1.1\" viewBox=\"0 0 720 480\">\n                <rect x=\"0\" y=\"0\" width=\"720\" height=\"480\" style=\"fill:#f5f5f5;\"><\/rect>\n                <text x=\"360\" y=\"100\" style=\"text-anchor: middle; font-family: 'Titillium Web', Lato, sans-serif; font-size: 80px; fill: #7A7A7A; font-weight: 300;\">Vendredi<\/text>\n                <text x=\"360\" y=\"214\" style=\"text-anchor: middle; font-family: 'Titillium Web', Lato, sans-serif; font-size: 95px; fill: #6a7d16; font-weight: 700;\">25 septembre<\/text>\n                <text x=\"360\" y=\"326\" style=\"text-anchor: middle; font-family: 'Titillium Web', Lato, sans-serif; font-size: 95px; fill: #6a7d16; font-weight: 300;\">09:00 &#8211; 18:30<\/text><text x=\"360\" y=\"436\" style=\"text-anchor: middle; font-family: 'Titillium Web', Lato, sans-serif; font-size: 75px; fill: #7A7A7A; font-weight: 300;\"> BBS Amphitheate<\/text>\n                <g transform=\"scale(0.1) translate(400,3860)\">\n                    <path d=\"M192 512s192-208 192-320C384 86 298 0 192 0S0 86 0 192C0 304 192 512 192 512zm0-384a64 64 0 1 1 0 128 64 64 0 1 1 0-128z\" style=\"fill: #7A7A7A;\"><\/path>\n                <\/g>\n            <\/svg>\n            <\/div><strong>RRI Day &#8211; Food4BrainHealth<\/strong><br>Venue: BBS Amphitheater, Universit\u00e9 de Bordeaux<\/a><\/div><\/div><div class=\"row mb-3\"><div class=\"col-12\"><a href=\"https:\/\/nutrineuro.bordeaux.inrae.fr\/fr\/events\/brainstress\/\" class=\"text-body\"><div class=\"ratio ratio-3x2 event-svg\">\n        <svg xmlns=\"http:\/\/www.w3.org\/2000\/svg\" version=\"1.1\" viewBox=\"0 0 720 480\">\n            <rect x=\"0\" y=\"0\" width=\"720\" height=\"480\" style=\"fill:#f5f5f5;\"><\/rect>\n            <text x=\"360\" y=\"169\" style=\"text-anchor: middle; font-family: 'Titillium Web', Lato, sans-serif; font-size: 95px; fill: #6a7d16; font-weight: 700;\">14 octobre<\/text>\n            <text x=\"360\" y=\"281\" style=\"text-anchor: middle; font-family: 'Titillium Web', Lato, sans-serif; font-size: 95px; fill: #6a7d16; font-weight: 700;\">16 octobre<\/text><text x=\"360\" y=\"400\" style=\"text-anchor: middle; font-family: 'Titillium Web', Lato, sans-serif; font-size: 75px; fill: #7A7A7A; font-weight: 300;\">Centre Broca No<\/text>\n                <g transform=\"scale(0.11) translate(400,3110)\">\n                    <path d=\"M192 512s192-208 192-320C384 86 298 0 192 0S0 86 0 192C0 304 192 512 192 512zm0-384a64 64 0 1 1 0 128 64 64 0 1 1 0-128z\" style=\"fill: #7A7A7A;\"><\/path>\n                <\/g><\/svg><\/div><strong>Bordeaux Neurocampus International Conference: BrainStress<\/strong><br>The Brain under stress: From Molecular Processes to Clinical Consequences \/\/ Venue: Centre Broca<\/a><\/div><\/div><div class=\"row mb-3\"><div class=\"col-12\"><a href=\"https:\/\/nutrineuro.bordeaux.inrae.fr\/fr\/events\/soutenance-dhdr-quentin-leyrolle\/\" class=\"text-body\"><div class=\"ratio ratio-3x2 event-svg\">\n            <svg xmlns=\"http:\/\/www.w3.org\/2000\/svg\" version=\"1.1\" viewBox=\"0 0 720 480\">\n                <rect x=\"0\" y=\"0\" width=\"720\" height=\"480\" style=\"fill:#f5f5f5;\"><\/rect>\n                <text x=\"360\" y=\"100\" style=\"text-anchor: middle; font-family: 'Titillium Web', Lato, sans-serif; font-size: 80px; fill: #7A7A7A; font-weight: 300;\">Jeudi<\/text>\n                <text x=\"360\" y=\"214\" style=\"text-anchor: middle; font-family: 'Titillium Web', Lato, sans-serif; font-size: 95px; fill: #6a7d16; font-weight: 700;\">22 octobre<\/text>\n                <text x=\"360\" y=\"326\" style=\"text-anchor: middle; font-family: 'Titillium Web', Lato, sans-serif; font-size: 95px; fill: #6a7d16; font-weight: 300;\">13:30<\/text><text x=\"360\" y=\"436\" style=\"text-anchor: middle; font-family: 'Titillium Web', Lato, sans-serif; font-size: 75px; fill: #7A7A7A; font-weight: 300;\"> CARF<\/text>\n                <g transform=\"scale(0.1) translate(400,3860)\">\n                    <path d=\"M192 512s192-208 192-320C384 86 298 0 192 0S0 86 0 192C0 304 192 512 192 512zm0-384a64 64 0 1 1 0 128 64 64 0 1 1 0-128z\" style=\"fill: #7A7A7A;\"><\/path>\n                <\/g>\n            <\/svg>\n            <\/div><strong>Soutenance d&rsquo;HDR &#8211; Quentin Leyrolle<\/strong><br>Impact du dialogue nutrition-microbiote intestinal sur la sant\u00e9 mentale : le r\u00f4le des m\u00e9tabolites bact\u00e9riens \/\/ Lieu : CARF <\/a><\/div><\/div><\/div>\n\n\n<div class=\"wp-block-buttons is-content-justification-right is-layout-flex wp-container-core-buttons-is-layout-89b4c9e9 wp-block-buttons-is-layout-flex\">\n<div class=\"wp-block-button\"><a class=\"wp-block-button__link wp-element-button\" href=\"\/fr\/events\/\">Tous nos \u00e9v\u00e9nements<\/a><\/div>\n<\/div>\n<\/div>\n<\/div>\n<\/div><\/div>\n\n\n\n<div style=\"height:60px\" aria-hidden=\"true\" class=\"wp-block-spacer\"><\/div>\n<\/div><\/div>\n\n\n\n<div class=\"wp-block-group container-xxl\"><div class=\"wp-block-group__inner-container is-layout-constrained wp-block-group-is-layout-constrained\">\n<div style=\"height:60px\" aria-hidden=\"true\" class=\"wp-block-spacer\"><\/div>\n\n\n\n<div class=\"wp-block-columns is-layout-flex wp-container-core-columns-is-layout-8f761849 wp-block-columns-is-layout-flex\">\n<div class=\"wp-block-column px-3 is-layout-flow wp-block-column-is-layout-flow\">\n<h3 class=\"wp-block-heading text-primary\">Derni\u00e8res publications scientifiques<\/h3>\n\n\n<p data-date=\"01788220800\"><p>\n                <a class=\"text-body\" href=\"https:\/\/doi.org\/10.1016\/j.nlm.2026.108189\" title=\"Double dissociation in the involvement of noradrenergic and endocannabinoid systems in classical and higher-order conditioning in newborn rabbits\" target=\"_blank\">\n                    <strong><em>Double dissociation in the involvement of noradrenergic and endocannabinoid systems in classical and higher-order conditioning in newborn rabbits<\/em><\/strong><br\/>\n                    <span class=\"infosPub\">\n                        <strong class=\"author-nutrineuro\">Eva-Gunnel Ducourneau<\/strong>, Patricia Duchamp-Viret, <strong class=\"author-magendie\">Giovanni Marsicano<\/strong>, G\u00e9rard Coureaud, <strong class=\"author-nutrineuro\">Guillaume Ferreira<\/strong><br\/>\n                        <em>Neurobiology of Learning and Memory<\/em>. \n                        2026-09-01\n                    <\/span>\n                    <br\/>10.1016\/j.nlm.2026.108189\n                <\/a>\n            <\/p><\/p><p data-date=\"01787788800\"><p>\n                <a class=\"text-body\" href=\"https:\/\/doi.org\/10.1038\/s41386-026-02539-3\" title=\"A transient mitochondrial switch underlies long lasting effects of adolescent cannabis\" target=\"_blank\">\n                    <strong><em>A transient mitochondrial switch underlies long lasting effects of adolescent cannabis<\/em><\/strong><br\/>\n                    <span class=\"infosPub\">\n                        <strong class=\"author-magendie\">Christina Ioannidou<\/strong>, Irene Manzanares-Sierra, Daniel Jimenez-Blasco, Dar\u00edo Garc\u00eda-Rodriguez, Israel Manjarr\u00e9s-Raza, <strong class=\"author-magendie\">Francisca Julio-Kalajzi\u0107<\/strong>, <strong class=\"author-magendie\">Antonio C. Pagano Zottola<\/strong>, Martina Di Bartolomeo, <strong class=\"author-magendie\">Guillaume Ferreira<\/strong>, Juan P. Bola\u00f1os, <strong class=\"author-magendie\">Giovanni Marsicano<\/strong>, Arnau Busquets-Garcia<br\/>\n                        <em>Neuropsychopharmacology<\/em>. \n                        2026-08-27\n                    <\/span>\n                    <br\/>10.1038\/s41386-026-02539-3\n                <\/a>\n            <\/p><\/p><p data-date=\"01786406400\"><p>\n                <a class=\"text-body\" href=\"https:\/\/doi.org\/10.1111\/bdi.70167\" title=\"Prescription Trends for Bipolar Disorder With and Without Comorbid Substance Use and Anxiety Disorders: A Global Bipolar Cohort Collaborative Study\" target=\"_blank\">\n                    <strong><em>Prescription Trends for Bipolar Disorder With and Without Comorbid Substance Use and Anxiety Disorders: A Global Bipolar Cohort Collaborative Study<\/em><\/strong><br\/>\n                    <span class=\"infosPub\">\n                        Anastasia K. Yocum, Martin Alda, <strong class=\"author-nutrineuro\">Bruno Aouizerate<\/strong>, Valerie Aubin, Frank Bellivier, Raoul Belzeaux, Michael Berk, Joanna M. Biernacka, Monika Budde, Katherine E. Burdick, Yun\u2010Hsuan Chang, Brandon J. Coombes, Philippe Courtet, Nina Dalkner, Claudia Diaz\u2010Byrd, Caroline Dubertret, Bruno Etain, Giovanna Fico, Janice M. Fullerton, Ophelia Godin, Katherine Gordon\u2010Smith, Emmanuel Haffen, Dominique Januel, Kamyar Keramatian, Marion Leboyer, Antoine Lefrere, Pierre\u2010Michel Llorca, Marzieh Majd, Philip B. Mitchell, Benson Mwangi, Emilie Olie, Bronwyn J. Overs, Joanne Petite, Mircea Polosan, Romain Rey, Gloria Roberts, Paul Roux, Ludovic Samalin, Raymund Schwan, Alessandro Serretti, Jair C. Soares, Sarah H. Sperry, Rebecca Strawbridge, Tatjana Stross, Eduard Vieta, Michel Walter, Lana J. Williams, Mon\u2010Ju Wu, Lakshmi N. Yatham, Allan H. Young, Antoine Yrondi, Giovana B. Zunta\u2010Soares, Mark A. Frye, Melvin G. McInnis, Balwinder Singh<br\/>\n                        <em>Bipolar Disorders<\/em>. \n                        2026-08-11\n                    <\/span>\n                    <br\/>10.1111\/bdi.70167\n                <\/a>\n            <\/p><\/p>\n\n\n<div class=\"wp-block-buttons is-content-justification-right is-layout-flex wp-container-core-buttons-is-layout-89b4c9e9 wp-block-buttons-is-layout-flex\">\n<div class=\"wp-block-button\"><a class=\"wp-block-button__link wp-element-button\" href=\"\/fr\/articles\/\"><bdo lang=\"en\" dir=\"ltr\">Toutes nos publications scientifiques<\/bdo><\/a><\/div>\n<\/div>\n<\/div>\n\n\n\n<div class=\"wp-block-column px-3 is-layout-flow wp-block-column-is-layout-flow\">\n<h3 class=\"wp-block-heading\">En vid\u00e9o<\/h3>\n\n\n\n<figure class=\"wp-block-embed is-type-rich is-provider-prise-en-charge-des-contenus-embarqu-s wp-block-embed-prise-en-charge-des-contenus-embarqu-s wp-embed-aspect-16-9 wp-has-aspect-ratio\"><div class=\"wp-block-embed__wrapper\">\n<iframe loading=\"lazy\" title=\"Pr\u00e9sentation de l&#039;unit\u00e9 Nutrition et neurobiologie int\u00e9gr\u00e9e (NutriNeurO)\" width=\"500\" height=\"281\" src=\"https:\/\/www.youtube.com\/embed\/DYnhFFZMrng?feature=oembed\" frameborder=\"0\" allow=\"accelerometer; autoplay; clipboard-write; encrypted-media; gyroscope; picture-in-picture; web-share\" referrerpolicy=\"strict-origin-when-cross-origin\" allowfullscreen><\/iframe>\n<\/div><\/figure>\n\n\n\n<h3 class=\"wp-block-heading text-primary\">Aller plus loin<\/h3>\n\n\n\n<div class=\"wp-block-columns row-tablet is-layout-flex wp-container-core-columns-is-layout-8f761849 wp-block-columns-is-layout-flex\">\n<div class=\"wp-block-column is-layout-flow wp-block-column-is-layout-flow\">\n<p class=\"has-text-align-center wp-block-paragraph\"><a class=\"go-further-button\" href=\"https:\/\/www.bordeaux-neurocampus.fr\"><i class=\"fat fa-brain fa-3x py-xl-3\"><\/i><strong>Bordeaux Neurocampus<\/strong><\/a><\/p>\n<\/div>\n\n\n\n<div class=\"wp-block-column is-layout-flow wp-block-column-is-layout-flow\">\n<p class=\"has-text-align-center wp-block-paragraph\"><a href=\"https:\/\/www.inrae.fr\/centres\/nouvelle-aquitaine-bordeaux\" data-type=\"page\" data-id=\"4\"><i class=\"fat fa-landmark fa-3x py-xl-3\"><\/i>Inrae Nouvelle-Aquitaine<\/a><\/p>\n<\/div>\n\n\n\n<div class=\"wp-block-column is-layout-flow wp-block-column-is-layout-flow\">\n<p class=\"has-text-align-center wp-block-paragraph\"><a href=\"https:\/\/nutrineuro.bordeaux.inrae.fr\/en\/contact\/\" data-type=\"page\" data-id=\"5\" class=\"go-further-button\"><i class=\"fat fa-envelope fa-3x py-xl-3\"><\/i><strong>Contactez-<br>nous<\/strong><\/a><\/p>\n<\/div>\n<\/div>\n\n\n\n<div class=\"wp-block-columns row-tablet is-layout-flex wp-container-core-columns-is-layout-8f761849 wp-block-columns-is-layout-flex\">\n<div class=\"wp-block-column is-layout-flow wp-block-column-is-layout-flow\"><\/div>\n\n\n\n<div class=\"wp-block-column is-layout-flow wp-block-column-is-layout-flow\"><\/div>\n<\/div>\n<\/div>\n<\/div>\n<\/div><\/div>\n\n\n\n<div style=\"height:60px\" aria-hidden=\"true\" class=\"wp-block-spacer\"><\/div>\n","protected":false},"excerpt":{"rendered":"<p>Notre projet NutriNeuro, dirig\u00e9e par Lucile Capuron depuis 2022, est une unit\u00e9 de recherche en neurosciences et nutrition comptant 80 [&hellip;]<\/p>\n","protected":false},"author":1,"featured_media":0,"parent":0,"menu_order":0,"comment_status":"closed","ping_status":"closed","template":"template-fullwidth.php","meta":{"footnotes":""},"class_list":["post-78","page","type-page","status-publish","hentry"],"_links":{"self":[{"href":"https:\/\/nutrineuro.bordeaux.inrae.fr\/fr\/wp-json\/wp\/v2\/pages\/78","targetHints":{"allow":["GET"]}}],"collection":[{"href":"https:\/\/nutrineuro.bordeaux.inrae.fr\/fr\/wp-json\/wp\/v2\/pages"}],"about":[{"href":"https:\/\/nutrineuro.bordeaux.inrae.fr\/fr\/wp-json\/wp\/v2\/types\/page"}],"author":[{"embeddable":true,"href":"https:\/\/nutrineuro.bordeaux.inrae.fr\/fr\/wp-json\/wp\/v2\/users\/1"}],"replies":[{"embeddable":true,"href":"https:\/\/nutrineuro.bordeaux.inrae.fr\/fr\/wp-json\/wp\/v2\/comments?post=78"}],"version-history":[{"count":9,"href":"https:\/\/nutrineuro.bordeaux.inrae.fr\/fr\/wp-json\/wp\/v2\/pages\/78\/revisions"}],"predecessor-version":[{"id":478,"href":"https:\/\/nutrineuro.bordeaux.inrae.fr\/fr\/wp-json\/wp\/v2\/pages\/78\/revisions\/478"}],"wp:attachment":[{"href":"https:\/\/nutrineuro.bordeaux.inrae.fr\/fr\/wp-json\/wp\/v2\/media?parent=78"}],"curies":[{"name":"wp","href":"https:\/\/api.w.org\/{rel}","templated":true}]}}